{"id":431,"date":"2018-07-06T19:05:32","date_gmt":"2018-07-06T18:05:32","guid":{"rendered":"http:\/\/ferigouliero.fr\/?page_id=431"},"modified":"2024-06-23T17:59:19","modified_gmt":"2024-06-23T16:59:19","slug":"le-jardin","status":"publish","type":"page","link":"https:\/\/www.ferigouliero.fr\/index.php\/le-jardin\/","title":{"rendered":"Le jardin"},"content":{"rendered":"<h4>L&rsquo;all\u00e9e d&rsquo;entr\u00e9e<\/h4>\n<p>Quand vous passez la grande grille \u00e0 l&rsquo;entr\u00e9e de la propri\u00e9t\u00e9, vous suivez une longue all\u00e9e bord\u00e9e de lavande, \u00e0 votre droite, et de ligustrum, \u00e0 votre gauche. Des potelets avec lampes LED vous \u00e9claireront la nuit. L&rsquo;allumage est automatique.<\/p>\n<p><img loading=\"lazy\" decoding=\"async\" class=\"alignnone wp-image-844 size-full\" src=\"http:\/\/ferigouliero.fr\/wp-content\/uploads\/2019\/10\/IMG_0549.jpg\" alt=\"\" width=\"5184\" height=\"3456\" srcset=\"https:\/\/ferigouliero.fr\/wp-content\/uploads\/2019\/10\/IMG_0549.jpg 5184w, https:\/\/ferigouliero.fr\/wp-content\/uploads\/2019\/10\/IMG_0549-300x200.jpg 300w, https:\/\/ferigouliero.fr\/wp-content\/uploads\/2019\/10\/IMG_0549-768x512.jpg 768w, https:\/\/ferigouliero.fr\/wp-content\/uploads\/2019\/10\/IMG_0549-1024x683.jpg 1024w\" sizes=\"auto, (max-width: 5184px) 100vw, 5184px\" \/><\/p>\n<p><img loading=\"lazy\" decoding=\"async\" class=\"alignnone wp-image-891 size-full\" src=\"http:\/\/ferigouliero.fr\/wp-content\/uploads\/2019\/11\/IMG_0710.jpg\" alt=\"\" width=\"5184\" height=\"3456\" srcset=\"https:\/\/ferigouliero.fr\/wp-content\/uploads\/2019\/11\/IMG_0710.jpg 5184w, https:\/\/ferigouliero.fr\/wp-content\/uploads\/2019\/11\/IMG_0710-300x200.jpg 300w, https:\/\/ferigouliero.fr\/wp-content\/uploads\/2019\/11\/IMG_0710-768x512.jpg 768w, https:\/\/ferigouliero.fr\/wp-content\/uploads\/2019\/11\/IMG_0710-1024x683.jpg 1024w\" sizes=\"auto, (max-width: 5184px) 100vw, 5184px\" \/><\/p>\n<p><img loading=\"lazy\" decoding=\"async\" class=\"alignnone wp-image-840 size-full\" src=\"http:\/\/ferigouliero.fr\/wp-content\/uploads\/2019\/10\/IMG_0544.jpg\" alt=\"\" width=\"5184\" height=\"3456\" srcset=\"https:\/\/ferigouliero.fr\/wp-content\/uploads\/2019\/10\/IMG_0544.jpg 5184w, https:\/\/ferigouliero.fr\/wp-content\/uploads\/2019\/10\/IMG_0544-300x200.jpg 300w, https:\/\/ferigouliero.fr\/wp-content\/uploads\/2019\/10\/IMG_0544-768x512.jpg 768w, https:\/\/ferigouliero.fr\/wp-content\/uploads\/2019\/10\/IMG_0544-1024x683.jpg 1024w\" sizes=\"auto, (max-width: 5184px) 100vw, 5184px\" \/><\/p>\n<p><img loading=\"lazy\" decoding=\"async\" class=\"alignnone wp-image-69 size-full\" src=\"http:\/\/ferigouliero.fr\/wp-content\/uploads\/2016\/07\/DSC00555.jpg\" alt=\"\" width=\"3888\" height=\"2592\" srcset=\"https:\/\/ferigouliero.fr\/wp-content\/uploads\/2016\/07\/DSC00555.jpg 3888w, https:\/\/ferigouliero.fr\/wp-content\/uploads\/2016\/07\/DSC00555-300x200.jpg 300w, https:\/\/ferigouliero.fr\/wp-content\/uploads\/2016\/07\/DSC00555-768x512.jpg 768w, https:\/\/ferigouliero.fr\/wp-content\/uploads\/2016\/07\/DSC00555-1024x683.jpg 1024w\" sizes=\"auto, (max-width: 3888px) 100vw, 3888px\" \/><\/p>\n<p><strong>Devant la maison<\/strong><\/p>\n<p>La partie la plus belle du jardin se trouve devant la maison, entre la route et la terrasse. Vous disposez en effet de 20 ares agr\u00e9ment\u00e9s d&rsquo;arbres et d&rsquo;arbustes vari\u00e9s, dont la floraison s&rsquo;\u00e9gr\u00e8ne sur toute la belle saison. La pelouse est la plus verte au mois d&rsquo;avril-mai, puis \u00e0 nouveau fin septembre-octobre. Nous avons quelques oliviers, un pied de vigne, des lilas, des acacias et diverses autres plantations.<\/p>\n<p><img loading=\"lazy\" decoding=\"async\" class=\"alignnone size-medium wp-image-1177\" src=\"http:\/\/ferigouliero.fr\/wp-content\/uploads\/2024\/06\/20240318_134824-300x140.jpg\" alt=\"\" width=\"300\" height=\"140\" srcset=\"https:\/\/ferigouliero.fr\/wp-content\/uploads\/2024\/06\/20240318_134824-300x140.jpg 300w, https:\/\/ferigouliero.fr\/wp-content\/uploads\/2024\/06\/20240318_134824-1024x478.jpg 1024w, https:\/\/ferigouliero.fr\/wp-content\/uploads\/2024\/06\/20240318_134824-768x359.jpg 768w, https:\/\/ferigouliero.fr\/wp-content\/uploads\/2024\/06\/20240318_134824-1536x717.jpg 1536w, https:\/\/ferigouliero.fr\/wp-content\/uploads\/2024\/06\/20240318_134824-2048x956.jpg 2048w\" sizes=\"auto, (max-width: 300px) 100vw, 300px\" \/><\/p>\n<p><img loading=\"lazy\" decoding=\"async\" class=\"alignnone size-medium wp-image-1184\" src=\"http:\/\/ferigouliero.fr\/wp-content\/uploads\/2024\/06\/20240318_135830-300x140.jpg\" alt=\"\" width=\"300\" height=\"140\" srcset=\"https:\/\/ferigouliero.fr\/wp-content\/uploads\/2024\/06\/20240318_135830-300x140.jpg 300w, https:\/\/ferigouliero.fr\/wp-content\/uploads\/2024\/06\/20240318_135830-1024x478.jpg 1024w, https:\/\/ferigouliero.fr\/wp-content\/uploads\/2024\/06\/20240318_135830-768x359.jpg 768w, https:\/\/ferigouliero.fr\/wp-content\/uploads\/2024\/06\/20240318_135830-1536x717.jpg 1536w, https:\/\/ferigouliero.fr\/wp-content\/uploads\/2024\/06\/20240318_135830-2048x956.jpg 2048w\" sizes=\"auto, (max-width: 300px) 100vw, 300px\" \/><\/p>\n<p><img loading=\"lazy\" decoding=\"async\" class=\"size-medium wp-image-1183 alignleft\" src=\"http:\/\/ferigouliero.fr\/wp-content\/uploads\/2024\/06\/20240318_135739-140x300.jpg\" alt=\"\" width=\"140\" height=\"300\" srcset=\"https:\/\/ferigouliero.fr\/wp-content\/uploads\/2024\/06\/20240318_135739-140x300.jpg 140w, https:\/\/ferigouliero.fr\/wp-content\/uploads\/2024\/06\/20240318_135739-478x1024.jpg 478w, https:\/\/ferigouliero.fr\/wp-content\/uploads\/2024\/06\/20240318_135739-768x1645.jpg 768w, https:\/\/ferigouliero.fr\/wp-content\/uploads\/2024\/06\/20240318_135739-717x1536.jpg 717w, https:\/\/ferigouliero.fr\/wp-content\/uploads\/2024\/06\/20240318_135739-956x2048.jpg 956w, https:\/\/ferigouliero.fr\/wp-content\/uploads\/2024\/06\/20240318_135739-scaled.jpg 1196w\" sizes=\"auto, (max-width: 140px) 100vw, 140px\" \/> <img loading=\"lazy\" decoding=\"async\" class=\"alignnone size-medium wp-image-1182\" src=\"http:\/\/ferigouliero.fr\/wp-content\/uploads\/2024\/06\/20240318_135542-300x140.jpg\" alt=\"\" width=\"300\" height=\"140\" srcset=\"https:\/\/ferigouliero.fr\/wp-content\/uploads\/2024\/06\/20240318_135542-300x140.jpg 300w, https:\/\/ferigouliero.fr\/wp-content\/uploads\/2024\/06\/20240318_135542-1024x478.jpg 1024w, https:\/\/ferigouliero.fr\/wp-content\/uploads\/2024\/06\/20240318_135542-768x359.jpg 768w, https:\/\/ferigouliero.fr\/wp-content\/uploads\/2024\/06\/20240318_135542-1536x717.jpg 1536w, https:\/\/ferigouliero.fr\/wp-content\/uploads\/2024\/06\/20240318_135542-2048x956.jpg 2048w\" sizes=\"auto, (max-width: 300px) 100vw, 300px\" \/><\/p>\n<p><img loading=\"lazy\" decoding=\"async\" class=\"wp-image-1022 alignnone\" src=\"http:\/\/ferigouliero.fr\/wp-content\/uploads\/2021\/04\/IMG_9834-300x200.jpg\" alt=\"\" width=\"218\" height=\"327\" \/><\/p>\n<p><img loading=\"lazy\" decoding=\"async\" class=\"size-medium wp-image-1011 alignright\" src=\"http:\/\/ferigouliero.fr\/wp-content\/uploads\/2021\/04\/IMG_20200716_164638-225x300.jpg\" alt=\"\" width=\"225\" height=\"300\" srcset=\"https:\/\/ferigouliero.fr\/wp-content\/uploads\/2021\/04\/IMG_20200716_164638-225x300.jpg 225w, https:\/\/ferigouliero.fr\/wp-content\/uploads\/2021\/04\/IMG_20200716_164638-768x1024.jpg 768w\" sizes=\"auto, (max-width: 225px) 100vw, 225px\" \/><\/p>\n<p><img loading=\"lazy\" decoding=\"async\" class=\"alignnone size-medium wp-image-1012\" src=\"http:\/\/ferigouliero.fr\/wp-content\/uploads\/2021\/04\/IMG_20200716_203149_1-225x300.jpg\" alt=\"\" width=\"225\" height=\"300\" srcset=\"https:\/\/ferigouliero.fr\/wp-content\/uploads\/2021\/04\/IMG_20200716_203149_1-225x300.jpg 225w, https:\/\/ferigouliero.fr\/wp-content\/uploads\/2021\/04\/IMG_20200716_203149_1-768x1024.jpg 768w\" sizes=\"auto, (max-width: 225px) 100vw, 225px\" \/><\/p>\n<h4>Derri\u00e8re la maison<\/h4>\n<p>A l&rsquo;arri\u00e8re de la villa se trouve un terrain plat de 20 ares. Au bout du terrain se trouve un cabanon dans lequel sont rang\u00e9s les outils de jardinage. Pr\u00e8s de la maison, des fils sont tendus pour pendre le linge. Comme ce c\u00f4t\u00e9 est plein Sud, la lessive s\u00e8che tr\u00e8s rapidement.<\/p>\n<p><img loading=\"lazy\" decoding=\"async\" class=\"alignnone size-medium wp-image-1014\" src=\"http:\/\/ferigouliero.fr\/wp-content\/uploads\/2021\/04\/IMG_20200718_111823-225x300.jpg\" alt=\"\" width=\"225\" height=\"300\" srcset=\"https:\/\/ferigouliero.fr\/wp-content\/uploads\/2021\/04\/IMG_20200718_111823-225x300.jpg 225w, https:\/\/ferigouliero.fr\/wp-content\/uploads\/2021\/04\/IMG_20200718_111823-768x1024.jpg 768w\" sizes=\"auto, (max-width: 225px) 100vw, 225px\" \/><\/p>\n<p><img loading=\"lazy\" decoding=\"async\" class=\"alignnone size-medium wp-image-1015\" src=\"http:\/\/ferigouliero.fr\/wp-content\/uploads\/2021\/04\/IMG_20200718_111832-300x225.jpg\" alt=\"\" width=\"300\" height=\"225\" srcset=\"https:\/\/ferigouliero.fr\/wp-content\/uploads\/2021\/04\/IMG_20200718_111832-300x225.jpg 300w, https:\/\/ferigouliero.fr\/wp-content\/uploads\/2021\/04\/IMG_20200718_111832-768x576.jpg 768w, https:\/\/ferigouliero.fr\/wp-content\/uploads\/2021\/04\/IMG_20200718_111832-1024x768.jpg 1024w\" sizes=\"auto, (max-width: 300px) 100vw, 300px\" \/><\/p>\n<p><img loading=\"lazy\" decoding=\"async\" class=\"alignnone size-medium wp-image-1021\" src=\"http:\/\/ferigouliero.fr\/wp-content\/uploads\/2021\/04\/IMG_9826-300x200.jpg\" alt=\"\" width=\"300\" height=\"200\" srcset=\"https:\/\/ferigouliero.fr\/wp-content\/uploads\/2021\/04\/IMG_9826-300x200.jpg 300w, https:\/\/ferigouliero.fr\/wp-content\/uploads\/2021\/04\/IMG_9826-768x512.jpg 768w, https:\/\/ferigouliero.fr\/wp-content\/uploads\/2021\/04\/IMG_9826-1024x683.jpg 1024w\" sizes=\"auto, (max-width: 300px) 100vw, 300px\" \/><\/p>\n<h4>Travaux au jardin<\/h4>\n<p>Pour pr\u00e9parer la nouvelle saison locative, nous avons enlev\u00e9 quelques sapins qui \u00e9taient en bout de vie (40 ans!) et nous les avons remplac\u00e9s par des plantes \u00e0 fleurs. Naturellement, cela prendra quelques ann\u00e9es avant que ces nouvelles plantations se d\u00e9veloppent et embellissent la propri\u00e9t\u00e9. Pourvu que la s\u00e9cheresse estivale ne leur soit pas fatale !<\/p>\n<p><img loading=\"lazy\" decoding=\"async\" class=\"alignnone size-medium wp-image-447\" src=\"http:\/\/ferigouliero.fr\/wp-content\/uploads\/2018\/07\/IMG_0226-300x200.jpg\" alt=\"\" width=\"300\" height=\"200\" srcset=\"https:\/\/ferigouliero.fr\/wp-content\/uploads\/2018\/07\/IMG_0226-300x200.jpg 300w, https:\/\/ferigouliero.fr\/wp-content\/uploads\/2018\/07\/IMG_0226-768x512.jpg 768w, https:\/\/ferigouliero.fr\/wp-content\/uploads\/2018\/07\/IMG_0226-1024x683.jpg 1024w\" sizes=\"auto, (max-width: 300px) 100vw, 300px\" \/><\/p>\n<p><img loading=\"lazy\" decoding=\"async\" class=\"alignnone size-medium wp-image-449\" src=\"http:\/\/ferigouliero.fr\/wp-content\/uploads\/2018\/07\/IMG_0236-300x200.jpg\" alt=\"\" width=\"300\" height=\"200\" srcset=\"https:\/\/ferigouliero.fr\/wp-content\/uploads\/2018\/07\/IMG_0236-300x200.jpg 300w, https:\/\/ferigouliero.fr\/wp-content\/uploads\/2018\/07\/IMG_0236-768x512.jpg 768w, https:\/\/ferigouliero.fr\/wp-content\/uploads\/2018\/07\/IMG_0236-1024x683.jpg 1024w\" sizes=\"auto, (max-width: 300px) 100vw, 300px\" \/><\/p>\n<p>Dans les jardini\u00e8re le long des terrasses, nous avons plant\u00e9 des plantes aromatiques.<\/p>\n<p><img loading=\"lazy\" decoding=\"async\" class=\"alignnone size-medium wp-image-452\" src=\"http:\/\/ferigouliero.fr\/wp-content\/uploads\/2018\/07\/IMG_0235-300x200.jpg\" alt=\"\" width=\"300\" height=\"200\" srcset=\"https:\/\/ferigouliero.fr\/wp-content\/uploads\/2018\/07\/IMG_0235-300x200.jpg 300w, https:\/\/ferigouliero.fr\/wp-content\/uploads\/2018\/07\/IMG_0235-768x512.jpg 768w, https:\/\/ferigouliero.fr\/wp-content\/uploads\/2018\/07\/IMG_0235-1024x683.jpg 1024w\" sizes=\"auto, (max-width: 300px) 100vw, 300px\" \/><\/p>\n<p><img loading=\"lazy\" decoding=\"async\" class=\"alignnone size-medium wp-image-453\" src=\"http:\/\/ferigouliero.fr\/wp-content\/uploads\/2018\/07\/20180406_201432-e1531747290110-225x300.jpg\" alt=\"\" width=\"225\" height=\"300\" srcset=\"https:\/\/ferigouliero.fr\/wp-content\/uploads\/2018\/07\/20180406_201432-e1531747290110-225x300.jpg 225w, https:\/\/ferigouliero.fr\/wp-content\/uploads\/2018\/07\/20180406_201432-e1531747290110-768x1024.jpg 768w\" sizes=\"auto, (max-width: 225px) 100vw, 225px\" \/><\/p>\n<h4>Mise en place de la piscine<\/h4>\n<p>En avril 2019, nous avons fait de gros travaux pour am\u00e9liorer encore le confort de notre villa pour nos vacanciers. Une piscine a donc \u00e9t\u00e9 plac\u00e9e dans notre jardin, et la terrasse existante a \u00e9t\u00e9 agrandie. Voici quelques photos de cet \u00e9norme chantier. Nos excuses pour les d\u00e9g\u00e2ts que le jardin a subi avec le charroi qui est pass\u00e9 sur notre belle pelouse ! Nous esp\u00e9rons que le mois de mai permettra de gu\u00e9rir toutes ces blessures !<\/p>\n<p><img loading=\"lazy\" decoding=\"async\" class=\"alignnone size-medium wp-image-498\" src=\"http:\/\/ferigouliero.fr\/wp-content\/uploads\/2019\/05\/IMG_4810-300x200.jpg\" alt=\"\" width=\"300\" height=\"200\" srcset=\"https:\/\/ferigouliero.fr\/wp-content\/uploads\/2019\/05\/IMG_4810-300x200.jpg 300w, https:\/\/ferigouliero.fr\/wp-content\/uploads\/2019\/05\/IMG_4810-768x512.jpg 768w, https:\/\/ferigouliero.fr\/wp-content\/uploads\/2019\/05\/IMG_4810-1024x683.jpg 1024w\" sizes=\"auto, (max-width: 300px) 100vw, 300px\" \/><\/p>\n<p><img loading=\"lazy\" decoding=\"async\" class=\"alignnone size-medium wp-image-500\" src=\"http:\/\/ferigouliero.fr\/wp-content\/uploads\/2019\/05\/IMG_4846-300x200.jpg\" alt=\"\" width=\"300\" height=\"200\" srcset=\"https:\/\/ferigouliero.fr\/wp-content\/uploads\/2019\/05\/IMG_4846-300x200.jpg 300w, https:\/\/ferigouliero.fr\/wp-content\/uploads\/2019\/05\/IMG_4846-768x512.jpg 768w, https:\/\/ferigouliero.fr\/wp-content\/uploads\/2019\/05\/IMG_4846-1024x683.jpg 1024w\" sizes=\"auto, (max-width: 300px) 100vw, 300px\" \/><\/p>\n<p><img loading=\"lazy\" decoding=\"async\" class=\"alignnone size-medium wp-image-501\" src=\"http:\/\/ferigouliero.fr\/wp-content\/uploads\/2019\/05\/IMG_4905-300x200.jpg\" alt=\"\" width=\"300\" height=\"200\" srcset=\"https:\/\/ferigouliero.fr\/wp-content\/uploads\/2019\/05\/IMG_4905-300x200.jpg 300w, https:\/\/ferigouliero.fr\/wp-content\/uploads\/2019\/05\/IMG_4905-768x512.jpg 768w, https:\/\/ferigouliero.fr\/wp-content\/uploads\/2019\/05\/IMG_4905-1024x683.jpg 1024w\" sizes=\"auto, (max-width: 300px) 100vw, 300px\" \/><\/p>\n<p>AVANT : <img loading=\"lazy\" decoding=\"async\" class=\"alignnone size-medium wp-image-1020\" src=\"http:\/\/ferigouliero.fr\/wp-content\/uploads\/2021\/04\/IMG_9819-300x200.jpg\" alt=\"\" width=\"300\" height=\"200\" srcset=\"https:\/\/ferigouliero.fr\/wp-content\/uploads\/2021\/04\/IMG_9819-300x200.jpg 300w, https:\/\/ferigouliero.fr\/wp-content\/uploads\/2021\/04\/IMG_9819-768x512.jpg 768w, https:\/\/ferigouliero.fr\/wp-content\/uploads\/2021\/04\/IMG_9819-1024x683.jpg 1024w\" sizes=\"auto, (max-width: 300px) 100vw, 300px\" \/><\/p>\n<p>APRES: <img loading=\"lazy\" decoding=\"async\" class=\"alignnone size-medium wp-image-1005\" src=\"http:\/\/ferigouliero.fr\/wp-content\/uploads\/2021\/04\/IMG_3865-300x200.jpg\" alt=\"\" width=\"300\" height=\"200\" srcset=\"https:\/\/ferigouliero.fr\/wp-content\/uploads\/2021\/04\/IMG_3865-300x200.jpg 300w, https:\/\/ferigouliero.fr\/wp-content\/uploads\/2021\/04\/IMG_3865-768x512.jpg 768w, https:\/\/ferigouliero.fr\/wp-content\/uploads\/2021\/04\/IMG_3865-1024x683.jpg 1024w\" sizes=\"auto, (max-width: 300px) 100vw, 300px\" \/><\/p>\n<p>AVANT: <img loading=\"lazy\" decoding=\"async\" class=\"alignnone size-medium wp-image-1023\" src=\"http:\/\/ferigouliero.fr\/wp-content\/uploads\/2021\/04\/IMG_0231-300x200.jpg\" alt=\"\" width=\"300\" height=\"200\" srcset=\"https:\/\/ferigouliero.fr\/wp-content\/uploads\/2021\/04\/IMG_0231-300x200.jpg 300w, https:\/\/ferigouliero.fr\/wp-content\/uploads\/2021\/04\/IMG_0231-768x512.jpg 768w, https:\/\/ferigouliero.fr\/wp-content\/uploads\/2021\/04\/IMG_0231-1024x683.jpg 1024w\" sizes=\"auto, (max-width: 300px) 100vw, 300px\" \/><\/p>\n<p>APRES:\u00a0<img loading=\"lazy\" decoding=\"async\" class=\"alignnone size-medium wp-image-1016\" src=\"http:\/\/ferigouliero.fr\/wp-content\/uploads\/2021\/04\/20200716_194103-2-300x225.jpg\" alt=\"\" width=\"300\" height=\"225\" srcset=\"https:\/\/ferigouliero.fr\/wp-content\/uploads\/2021\/04\/20200716_194103-2-300x225.jpg 300w, https:\/\/ferigouliero.fr\/wp-content\/uploads\/2021\/04\/20200716_194103-2-768x576.jpg 768w, https:\/\/ferigouliero.fr\/wp-content\/uploads\/2021\/04\/20200716_194103-2-1024x768.jpg 1024w\" sizes=\"auto, (max-width: 300px) 100vw, 300px\" \/><\/p>\n<p>&nbsp;<\/p>\n<p>&nbsp;<\/p>\n","protected":false},"excerpt":{"rendered":"<p>L&rsquo;all\u00e9e d&rsquo;entr\u00e9e Quand vous passez la grande grille \u00e0 l&rsquo;entr\u00e9e de la propri\u00e9t\u00e9, vous suivez une longue all\u00e9e bord\u00e9e de lavande, \u00e0 votre droite, et de ligustrum, \u00e0 votre gauche. Des potelets avec lampes LED vous \u00e9claireront la nuit. L&rsquo;allumage est automatique. Devant la maison La partie la plus belle du jardin se trouve devant &hellip; <a href=\"https:\/\/www.ferigouliero.fr\/index.php\/le-jardin\/\" class=\"more-link\">Continuer la lecture de <span class=\"screen-reader-text\">Le jardin<\/span>  <span class=\"meta-nav\">&rarr;<\/span><\/a><\/p>\n","protected":false},"author":1,"featured_media":0,"parent":0,"menu_order":0,"comment_status":"closed","ping_status":"closed","template":"","meta":{"footnotes":""},"class_list":["post-431","page","type-page","status-publish","hentry"],"_links":{"self":[{"href":"https:\/\/www.ferigouliero.fr\/index.php\/wp-json\/wp\/v2\/pages\/431","targetHints":{"allow":["GET"]}}],"collection":[{"href":"https:\/\/www.ferigouliero.fr\/index.php\/wp-json\/wp\/v2\/pages"}],"about":[{"href":"https:\/\/www.ferigouliero.fr\/index.php\/wp-json\/wp\/v2\/types\/page"}],"author":[{"embeddable":true,"href":"https:\/\/www.ferigouliero.fr\/index.php\/wp-json\/wp\/v2\/users\/1"}],"replies":[{"embeddable":true,"href":"https:\/\/www.ferigouliero.fr\/index.php\/wp-json\/wp\/v2\/comments?post=431"}],"version-history":[{"count":22,"href":"https:\/\/www.ferigouliero.fr\/index.php\/wp-json\/wp\/v2\/pages\/431\/revisions"}],"predecessor-version":[{"id":1288,"href":"https:\/\/www.ferigouliero.fr\/index.php\/wp-json\/wp\/v2\/pages\/431\/revisions\/1288"}],"wp:attachment":[{"href":"https:\/\/www.ferigouliero.fr\/index.php\/wp-json\/wp\/v2\/media?parent=431"}],"curies":[{"name":"wp","href":"https:\/\/api.w.org\/{rel}","templated":true}]}}